{"id":317,"date":"2013-05-19T18:07:49","date_gmt":"2013-05-19T18:07:49","guid":{"rendered":"http:\/\/www.utn.edu.ec\/ficaya\/carreras\/energiasrenovables\/?page_id=317"},"modified":"2023-06-21T16:04:16","modified_gmt":"2023-06-21T16:04:16","slug":"giras-academicas","status":"publish","type":"page","link":"https:\/\/energiasrenovables.utn.edu.ec\/?page_id=317","title":{"rendered":"Giras Acad\u00e9micas"},"content":{"rendered":"<ul>\n<li>Gira de observaci\u00f3n a laboratorios de la Universidad Regional Amaz\u00f3nica IKIAM ubicada en Tena, provincia de Napo.<\/li>\n<\/ul>\n<p><a href=\"https:\/\/energiasrenovables.utn.edu.ec\/wp-content\/uploads\/2013\/05\/IKIAM-1.jpg\"><img loading=\"lazy\" decoding=\"async\" class=\"aligncenter size-full wp-image-806\" src=\"https:\/\/energiasrenovables.utn.edu.ec\/wp-content\/uploads\/2013\/05\/IKIAM-1.jpg\" alt=\"\" width=\"1000\" height=\"986\" srcset=\"https:\/\/energiasrenovables.utn.edu.ec\/wp-content\/uploads\/2013\/05\/IKIAM-1.jpg 1000w, https:\/\/energiasrenovables.utn.edu.ec\/wp-content\/uploads\/2013\/05\/IKIAM-1-300x296.jpg 300w, https:\/\/energiasrenovables.utn.edu.ec\/wp-content\/uploads\/2013\/05\/IKIAM-1-768x757.jpg 768w, https:\/\/energiasrenovables.utn.edu.ec\/wp-content\/uploads\/2013\/05\/IKIAM-1-274x270.jpg 274w\" sizes=\"auto, (max-width: 1000px) 100vw, 1000px\" \/><\/a><\/p>\n<ul>\n<li>Gira de observaci\u00f3n a\u00a0\u00a0la central t\u00e9rmica de generaci\u00f3n el\u00e9ctrica de la f\u00e1brica de cemento UNACEM Imbabura.<\/li>\n<\/ul>\n<figure id=\"attachment_797\" aria-describedby=\"caption-attachment-797\" style=\"width: 640px\" class=\"wp-caption aligncenter\"><a href=\"https:\/\/energiasrenovables.utn.edu.ec\/wp-content\/uploads\/2013\/05\/Foto-2.jpg\"><img loading=\"lazy\" decoding=\"async\" class=\"wp-image-797 size-large\" src=\"https:\/\/energiasrenovables.utn.edu.ec\/wp-content\/uploads\/2013\/05\/Foto-2-1024x768.jpg\" width=\"640\" height=\"480\" srcset=\"https:\/\/energiasrenovables.utn.edu.ec\/wp-content\/uploads\/2013\/05\/Foto-2-1024x768.jpg 1024w, https:\/\/energiasrenovables.utn.edu.ec\/wp-content\/uploads\/2013\/05\/Foto-2-300x225.jpg 300w, https:\/\/energiasrenovables.utn.edu.ec\/wp-content\/uploads\/2013\/05\/Foto-2-768x576.jpg 768w, https:\/\/energiasrenovables.utn.edu.ec\/wp-content\/uploads\/2013\/05\/Foto-2-360x270.jpg 360w, https:\/\/energiasrenovables.utn.edu.ec\/wp-content\/uploads\/2013\/05\/Foto-2.jpg 1280w\" sizes=\"auto, (max-width: 640px) 100vw, 640px\" \/><\/a><figcaption id=\"caption-attachment-797\" class=\"wp-caption-text\">F\u00e1brica de cemento UNACEM<\/figcaption><\/figure>\n<ul>\n<li style=\"text-align: left;\">Gira a la Central Fotovoltaica de Generaci\u00f3n El\u00e9ctrica \u201cSalinas y Tren Salinas\u201d en la provincia de Imbabura.<\/li>\n<\/ul>\n<figure id=\"attachment_632\" aria-describedby=\"caption-attachment-632\" style=\"width: 640px\" class=\"wp-caption aligncenter\"><a href=\"https:\/\/energiasrenovables.utn.edu.ec\/wp-content\/uploads\/2013\/05\/Central-Fotovoltaica-1.jpg\"><img loading=\"lazy\" decoding=\"async\" class=\"size-large wp-image-632\" src=\"https:\/\/energiasrenovables.utn.edu.ec\/wp-content\/uploads\/2013\/05\/Central-Fotovoltaica-1-1024x480.jpg\" alt=\"\" width=\"640\" height=\"300\" srcset=\"https:\/\/energiasrenovables.utn.edu.ec\/wp-content\/uploads\/2013\/05\/Central-Fotovoltaica-1-1024x480.jpg 1024w, https:\/\/energiasrenovables.utn.edu.ec\/wp-content\/uploads\/2013\/05\/Central-Fotovoltaica-1-300x141.jpg 300w, https:\/\/energiasrenovables.utn.edu.ec\/wp-content\/uploads\/2013\/05\/Central-Fotovoltaica-1-768x360.jpg 768w, https:\/\/energiasrenovables.utn.edu.ec\/wp-content\/uploads\/2013\/05\/Central-Fotovoltaica-1-360x169.jpg 360w, https:\/\/energiasrenovables.utn.edu.ec\/wp-content\/uploads\/2013\/05\/Central-Fotovoltaica-1.jpg 1281w\" sizes=\"auto, (max-width: 640px) 100vw, 640px\" \/><\/a><figcaption id=\"caption-attachment-632\" class=\"wp-caption-text\">Salinas y Tren Salinas &#8211; Imbabura<\/figcaption><\/figure>\n<ul>\n<li>Gira a la central de generaci\u00f3n el\u00e9ctrica Coca Codo Sinclair en la provincia de Napo.<\/li>\n<\/ul>\n<figure id=\"attachment_626\" aria-describedby=\"caption-attachment-626\" style=\"width: 640px\" class=\"wp-caption aligncenter\"><a href=\"https:\/\/energiasrenovables.utn.edu.ec\/wp-content\/uploads\/2013\/05\/gira_coca-codo-sinclair.jpg\"><img loading=\"lazy\" decoding=\"async\" class=\"wp-image-626 size-large\" src=\"https:\/\/energiasrenovables.utn.edu.ec\/wp-content\/uploads\/2013\/05\/gira_coca-codo-sinclair-1024x682.jpg\" width=\"640\" height=\"426\" srcset=\"https:\/\/energiasrenovables.utn.edu.ec\/wp-content\/uploads\/2013\/05\/gira_coca-codo-sinclair-1024x682.jpg 1024w, https:\/\/energiasrenovables.utn.edu.ec\/wp-content\/uploads\/2013\/05\/gira_coca-codo-sinclair-300x200.jpg 300w, https:\/\/energiasrenovables.utn.edu.ec\/wp-content\/uploads\/2013\/05\/gira_coca-codo-sinclair-768x511.jpg 768w, https:\/\/energiasrenovables.utn.edu.ec\/wp-content\/uploads\/2013\/05\/gira_coca-codo-sinclair-360x240.jpg 360w\" sizes=\"auto, (max-width: 640px) 100vw, 640px\" \/><\/a><figcaption id=\"caption-attachment-626\" class=\"wp-caption-text\">El\u00e9ctrica Coca Codo Sinclair &#8211; Napo<\/figcaption><\/figure>\n<ul>\n<li>Gira a la central E\u00f3lica de Generaci\u00f3n El\u00e9ctrica \u201cVillonaco\u201d en la provincia de Loja.<\/li>\n<\/ul>\n<div class=\"mceTemp\"><\/div>\n<figure id=\"attachment_628\" aria-describedby=\"caption-attachment-628\" style=\"width: 640px\" class=\"wp-caption aligncenter\"><a href=\"https:\/\/energiasrenovables.utn.edu.ec\/wp-content\/uploads\/2013\/05\/Gira-a-la-central-E\u00f3lica-de-Generaci\u00f3n-El\u00e9ctrica-.jpeg\"><img loading=\"lazy\" decoding=\"async\" class=\"size-large wp-image-628\" src=\"https:\/\/energiasrenovables.utn.edu.ec\/wp-content\/uploads\/2013\/05\/Gira-a-la-central-E\u00f3lica-de-Generaci\u00f3n-El\u00e9ctrica--1024x768.jpeg\" alt=\"\" width=\"640\" height=\"480\" srcset=\"https:\/\/energiasrenovables.utn.edu.ec\/wp-content\/uploads\/2013\/05\/Gira-a-la-central-E\u00f3lica-de-Generaci\u00f3n-El\u00e9ctrica--1024x768.jpeg 1024w, https:\/\/energiasrenovables.utn.edu.ec\/wp-content\/uploads\/2013\/05\/Gira-a-la-central-E\u00f3lica-de-Generaci\u00f3n-El\u00e9ctrica--300x225.jpeg 300w, https:\/\/energiasrenovables.utn.edu.ec\/wp-content\/uploads\/2013\/05\/Gira-a-la-central-E\u00f3lica-de-Generaci\u00f3n-El\u00e9ctrica--768x576.jpeg 768w, https:\/\/energiasrenovables.utn.edu.ec\/wp-content\/uploads\/2013\/05\/Gira-a-la-central-E\u00f3lica-de-Generaci\u00f3n-El\u00e9ctrica--360x270.jpeg 360w, https:\/\/energiasrenovables.utn.edu.ec\/wp-content\/uploads\/2013\/05\/Gira-a-la-central-E\u00f3lica-de-Generaci\u00f3n-El\u00e9ctrica-.jpeg 1032w\" sizes=\"auto, (max-width: 640px) 100vw, 640px\" \/><\/a><figcaption id=\"caption-attachment-628\" class=\"wp-caption-text\">Villonaco &#8211; Loja<\/figcaption><\/figure>\n","protected":false},"excerpt":{"rendered":"<p>Gira de observaci\u00f3n a laboratorios de la Universidad Regional Amaz\u00f3nica IKIAM ubicada en Tena, provincia de Napo. Gira de observaci\u00f3n a\u00a0\u00a0la central t\u00e9rmica de generaci\u00f3n el\u00e9ctrica de la f\u00e1brica de cemento UNACEM Imbabura. Gira a la Central Fotovoltaica de Generaci\u00f3n <a href=\"https:\/\/energiasrenovables.utn.edu.ec\/?page_id=317\" class=\"read-more\">Leer M\u00e1s [+] &#8230;<\/a><\/p>\n","protected":false},"author":3,"featured_media":0,"parent":312,"menu_order":2,"comment_status":"closed","ping_status":"open","template":"","meta":{"footnotes":""},"class_list":["post-317","page","type-page","status-publish","hentry"],"_links":{"self":[{"href":"https:\/\/energiasrenovables.utn.edu.ec\/index.php?rest_route=\/wp\/v2\/pages\/317","targetHints":{"allow":["GET"]}}],"collection":[{"href":"https:\/\/energiasrenovables.utn.edu.ec\/index.php?rest_route=\/wp\/v2\/pages"}],"about":[{"href":"https:\/\/energiasrenovables.utn.edu.ec\/index.php?rest_route=\/wp\/v2\/types\/page"}],"author":[{"embeddable":true,"href":"https:\/\/energiasrenovables.utn.edu.ec\/index.php?rest_route=\/wp\/v2\/users\/3"}],"replies":[{"embeddable":true,"href":"https:\/\/energiasrenovables.utn.edu.ec\/index.php?rest_route=%2Fwp%2Fv2%2Fcomments&post=317"}],"version-history":[{"count":10,"href":"https:\/\/energiasrenovables.utn.edu.ec\/index.php?rest_route=\/wp\/v2\/pages\/317\/revisions"}],"predecessor-version":[{"id":807,"href":"https:\/\/energiasrenovables.utn.edu.ec\/index.php?rest_route=\/wp\/v2\/pages\/317\/revisions\/807"}],"up":[{"embeddable":true,"href":"https:\/\/energiasrenovables.utn.edu.ec\/index.php?rest_route=\/wp\/v2\/pages\/312"}],"wp:attachment":[{"href":"https:\/\/energiasrenovables.utn.edu.ec\/index.php?rest_route=%2Fwp%2Fv2%2Fmedia&parent=317"}],"curies":[{"name":"wp","href":"https:\/\/api.w.org\/{rel}","templated":true}]}}